{"version":"1.0","provider_name":"Mama geht online","provider_url":"https:\/\/mama-geht-online.de","author_name":"Anke","author_url":"https:\/\/mama-geht-online.de\/index.php\/author\/anke_admin\/","title":"Deckel sammeln gegen Kinderl\u00e4hmung - Mama geht online","type":"rich","width":600,"height":338,"html":"<blockquote class=\"wp-embedded-content\"><a href=\"https:\/\/mama-geht-online.de\/index.php\/2015\/12\/03\/deckel-sammeln-gegen-kinderlaehmung\/\">Deckel sammeln gegen Kinderl\u00e4hmung<\/a><\/blockquote>\n<script type='text\/javascript'>\n<!--\/\/--><![CDATA[\/\/><!--\n\t\t!function(d,l){\"use strict\";var e=!1,n=!1;if(l.querySelector)if(d.addEventListener)e=!0;if(d.wp=d.wp||{},!d.wp.receiveEmbedMessage)if(d.wp.receiveEmbedMessage=function(e){var t=e.data;if(t)if(t.secret||t.message||t.value)if(!\/[^a-zA-Z0-9]\/.test(t.secret)){for(var r,i,a,s=l.querySelectorAll('iframe[data-secret=\"'+t.secret+'\"]'),n=l.querySelectorAll('blockquote[data-secret=\"'+t.secret+'\"]'),o=new RegExp(\"^https?:$\",\"i\"),c=0;c<n.length;c++)n[c].style.display=\"none\";for(c=0;c<s.length;c++)if(r=s[c],e.source===r.contentWindow){if(r.removeAttribute(\"style\"),\"height\"===t.message){if(1e3<(a=parseInt(t.value,10)))a=1e3;else if(~~a<200)a=200;r.height=a}if(\"link\"===t.message)if(i=l.createElement(\"a\"),a=l.createElement(\"a\"),i.href=r.getAttribute(\"src\"),a.href=t.value,o.test(a.protocol))if(a.host===i.host)if(l.activeElement===r)d.top.location.href=t.value}}},e)d.addEventListener(\"message\",d.wp.receiveEmbedMessage,!1),l.addEventListener(\"DOMContentLoaded\",t,!1),d.addEventListener(\"load\",t,!1);function t(){if(!n){n=!0;for(var e,t,r=-1!==navigator.appVersion.indexOf(\"MSIE 10\"),i=!!navigator.userAgent.match(\/Trident.*rv:11\\.\/),a=l.querySelectorAll(\"iframe.wp-embedded-content\"),s=0;s<a.length;s++){if(!(e=a[s]).getAttribute(\"data-secret\"))t=Math.random().toString(36).substr(2,10),e.src+=\"#?secret=\"+t,e.setAttribute(\"data-secret\",t);if(r||i)(t=e.cloneNode(!0)).removeAttribute(\"security\"),e.parentNode.replaceChild(t,e)}}}}(window,document);\n\/\/--><!]]>\n<\/script><iframe sandbox=\"allow-scripts\" security=\"restricted\" src=\"https:\/\/mama-geht-online.de\/index.php\/2015\/12\/03\/deckel-sammeln-gegen-kinderlaehmung\/embed\/\" width=\"600\" height=\"338\" title=\"&#8222;Deckel sammeln gegen Kinderl\u00e4hmung&#8220; &#8211; Mama geht online\" frameborder=\"0\" marginwidth=\"0\" marginheight=\"0\" scrolling=\"no\" class=\"wp-embedded-content\"><\/iframe>","thumbnail_url":"https:\/\/mama-geht-online.de\/wp-content\/uploads\/2015\/11\/Deckel-sammeln-gegen-Polio.jpg","thumbnail_width":4128,"thumbnail_height":2322,"description":"Gestern beim Mittagessen mit der ganzen Familie, erz\u00e4hlte meine Schw\u00e4gerin (in spe) so ganz nebenbei von einem ganz tollen Projekt. Wir sollten doch alle zuk\u00fcnftig s\u00e4mtliche Deckel von Getr\u00e4nkeflaschen und Saftt\u00fcten aufheben. Damit k\u00f6nnten n\u00e4mlich wichtige Impfdosen im Kampf gegen die Kinderl\u00e4hmung finanziert werden. Deckel sammeln? Was f\u00fcr Deckel? Kinderl\u00e4hmung? Ich verstand erst einmal nur Bahnhof, wurde aber hellh\u00f6rig. Wieder zu Hause befragte ich gleich einmal Mr. Google im Internet. Und prompt spuckte der mir mehr Informationen zur Aktion \u201eDeckel gegen Polio\u201c aus. Ich habe mir alles durchgelesen und bin regelrecht begeistert von der Idee. Kunststoffverschl\u00fcsse und Kunststoffdeckel, die man sonst im Gelben Sack entsorgen w\u00fcrde, werden gesammelt und dann an einer der vielen Sammelstellen abgegeben. Der Verkaufserl\u00f6s aus den gesammelten Deckeln, kommt Projekten wie \u201eEnd Polio Now\u201c zugute. Das Projekt hat sich auf die Fahne geschrieben, die unheilbare Kinderl\u00e4hmung weltweit auszurotten. Kein Kind soll sich mehr mit dieser Infektionskrankheit der Nervenzellen anstecken. Dass es diese Krankheit immer noch gibt, ist schlimm genug. In Deutschland ist die Zahl der F\u00e4lle von Kinderl\u00e4hmung seit der Einf\u00fchrung der Massenimpfung 1962 so gut ausgerottet. In \u00e4rmeren L\u00e4ndern wie Pakistan oder Indien geh\u00f6ren Menschen mit verkr\u00fcppelten Gliedma\u00dfen leider immer noch zum Stra\u00dfenbild. Dabei k\u00f6nnte [&hellip;]"}